{"id":10514,"date":"2024-03-11T16:38:28","date_gmt":"2024-03-11T16:38:28","guid":{"rendered":"https:\/\/www.hcmallorcaliving.com\/?post_type=property&#038;p=10514"},"modified":"2024-03-11T16:38:29","modified_gmt":"2024-03-11T16:38:29","slug":"emblematica-finca-rustica-del-siglo-xviii-con-37-673-m2-en-sant-joan","status":"publish","type":"property","link":"https:\/\/www.hcmallorcaliving.com\/es\/propiedad\/emblematica-finca-rustica-del-siglo-xviii-con-37-673-m2-en-sant-joan\/","title":{"rendered":"Emblem\u00e1tica finca r\u00fastica del Siglo XVIII con 37.673 m2 en Sant Joan"},"content":{"rendered":"\n<p>Se trata de una emblem\u00e1tica finca r\u00fastica del siglo XVIII de 37.673 m2 de superficie ubicada en el t\u00e9rmino municipal de Sant Joan. En la parcela encontramos diversas edificaciones que suman 434 m2 construidos, as\u00ed como una vivienda que data del Siglo XVIII, la cual a\u00fan mantiene el car\u00e1cter se\u00f1orial que la caracteriz\u00f3. La vivienda de unos 148 m2 requiere reforma integral. Tiene sal\u00f3n con chimenea, comedor, 4 habitaciones, dos ba\u00f1os, cocina independiente y varias otras estancias. En el exterior encontramos diversas edificaciones como \u00e1reas de jardines, almac\u00e9n, establo para caballos y \u00e1rea de ganader\u00eda, entre otras. El agua es de pozo de vena, adem\u00e1s tiene un aljibe para su almacenamiento. Le electricidad es de red p\u00fablica. El acceso a la propiedad es f\u00e1cil y asfaltado, estando a pocos minutos del pueblo de Sant Joan y a 25 minutos de Palma capital existiendo una excelente comunicaci\u00f3n con la autov\u00eda Palma-Manacor. La parcela est\u00e1 ubicada en una peque\u00f1a monta\u00f1a ocupando la vivienda su nivel m\u00e1s alto, proporcionando de esta manera unas vistas panor\u00e1micas de gran belleza natural a todo alrededor.<\/p>\n","protected":false},"excerpt":{"rendered":"<p>Se trata de una emblem\u00e1tica finca r\u00fastica del siglo XVIII de 37.673 m2 de superficie ubicada en el t\u00e9rmino municipal de Sant Joan. En la parcela encontramos diversas edificaciones que suman 434 m2 construidos, as\u00ed como una vivienda que data del Siglo XVIII, la cual a\u00fan mantiene el car\u00e1cter se\u00f1orial que la caracteriz\u00f3. La vivienda [&hellip;]<\/p>\n","protected":false},"author":4,"featured_media":10472,"menu_order":0,"template":"","format":"standard","meta":{"footnotes":""},"property_type":[71],"property_features":[76],"location":[],"acf":[],"yoast_head":"<!-- This site is optimized with the Yoast SEO plugin v22.5 - https:\/\/yoast.com\/wordpress\/plugins\/seo\/ -->\n<title>Emblem\u00e1tica finca r\u00fastica del Siglo XVIII con 37.673 m2 en Sant Joan - hc\/ Mallorca Living Centre<\/title>\n<meta name=\"robots\" content=\"noindex, follow\" \/>\n<meta property=\"og:locale\" content=\"es_ES\" \/>\n<meta property=\"og:type\" content=\"article\" \/>\n<meta property=\"og:title\" content=\"Emblem\u00e1tica finca r\u00fastica del Siglo XVIII con 37.673 m2 en Sant Joan - hc\/ Mallorca Living Centre\" \/>\n<meta property=\"og:description\" content=\"Se trata de una emblem\u00e1tica finca r\u00fastica del siglo XVIII de 37.673 m2 de superficie ubicada en el t\u00e9rmino municipal de Sant Joan. En la parcela encontramos diversas edificaciones que suman 434 m2 construidos, as\u00ed como una vivienda que data del Siglo XVIII, la cual a\u00fan mantiene el car\u00e1cter se\u00f1orial que la caracteriz\u00f3. La vivienda [&hellip;]\" \/>\n<meta property=\"og:url\" content=\"https:\/\/www.hcmallorcaliving.com\/es\/propiedad\/emblematica-finca-rustica-del-siglo-xviii-con-37-673-m2-en-sant-joan\/\" \/>\n<meta property=\"og:site_name\" content=\"hc\/ Mallorca Living Centre\" \/>\n<meta property=\"article:modified_time\" content=\"2024-03-11T16:38:29+00:00\" \/>\n<meta property=\"og:image\" content=\"https:\/\/www.hcmallorcaliving.com\/wp-content\/uploads\/2024\/03\/Screenshot-2024-03-11-at-17.04.07-1024x963.png\" \/>\n\t<meta property=\"og:image:width\" content=\"1024\" \/>\n\t<meta property=\"og:image:height\" content=\"963\" \/>\n\t<meta property=\"og:image:type\" content=\"image\/png\" \/>\n<meta name=\"twitter:card\" content=\"summary_large_image\" \/>\n<meta name=\"twitter:label1\" content=\"Tiempo de lectura\" \/>\n\t<meta name=\"twitter:data1\" content=\"1 minuto\" \/>\n<script type=\"application\/ld+json\" class=\"yoast-schema-graph\">{\"@context\":\"https:\/\/schema.org\",\"@graph\":[{\"@type\":\"WebPage\",\"@id\":\"https:\/\/www.hcmallorcaliving.com\/es\/propiedad\/emblematica-finca-rustica-del-siglo-xviii-con-37-673-m2-en-sant-joan\/\",\"url\":\"https:\/\/www.hcmallorcaliving.com\/es\/propiedad\/emblematica-finca-rustica-del-siglo-xviii-con-37-673-m2-en-sant-joan\/\",\"name\":\"Emblem\u00e1tica finca r\u00fastica del Siglo XVIII con 37.673 m2 en Sant Joan - hc\/ Mallorca Living Centre\",\"isPartOf\":{\"@id\":\"https:\/\/www.hcmallorcaliving.com\/es\/#website\"},\"primaryImageOfPage\":{\"@id\":\"https:\/\/www.hcmallorcaliving.com\/es\/propiedad\/emblematica-finca-rustica-del-siglo-xviii-con-37-673-m2-en-sant-joan\/#primaryimage\"},\"image\":{\"@id\":\"https:\/\/www.hcmallorcaliving.com\/es\/propiedad\/emblematica-finca-rustica-del-siglo-xviii-con-37-673-m2-en-sant-joan\/#primaryimage\"},\"thumbnailUrl\":\"https:\/\/www.hcmallorcaliving.com\/wp-content\/uploads\/2024\/03\/Screenshot-2024-03-11-at-17.04.07.png\",\"datePublished\":\"2024-03-11T16:38:28+00:00\",\"dateModified\":\"2024-03-11T16:38:29+00:00\",\"breadcrumb\":{\"@id\":\"https:\/\/www.hcmallorcaliving.com\/es\/propiedad\/emblematica-finca-rustica-del-siglo-xviii-con-37-673-m2-en-sant-joan\/#breadcrumb\"},\"inLanguage\":\"es\",\"potentialAction\":[{\"@type\":\"ReadAction\",\"target\":[\"https:\/\/www.hcmallorcaliving.com\/es\/propiedad\/emblematica-finca-rustica-del-siglo-xviii-con-37-673-m2-en-sant-joan\/\"]}]},{\"@type\":\"ImageObject\",\"inLanguage\":\"es\",\"@id\":\"https:\/\/www.hcmallorcaliving.com\/es\/propiedad\/emblematica-finca-rustica-del-siglo-xviii-con-37-673-m2-en-sant-joan\/#primaryimage\",\"url\":\"https:\/\/www.hcmallorcaliving.com\/wp-content\/uploads\/2024\/03\/Screenshot-2024-03-11-at-17.04.07.png\",\"contentUrl\":\"https:\/\/www.hcmallorcaliving.com\/wp-content\/uploads\/2024\/03\/Screenshot-2024-03-11-at-17.04.07.png\",\"width\":1457,\"height\":963},{\"@type\":\"BreadcrumbList\",\"@id\":\"https:\/\/www.hcmallorcaliving.com\/es\/propiedad\/emblematica-finca-rustica-del-siglo-xviii-con-37-673-m2-en-sant-joan\/#breadcrumb\",\"itemListElement\":[{\"@type\":\"ListItem\",\"position\":1,\"name\":\"Home\",\"item\":\"https:\/\/www.hcmallorcaliving.com\/es\/\"},{\"@type\":\"ListItem\",\"position\":2,\"name\":\"Properties\",\"item\":\"https:\/\/www.hcmallorcaliving.com\/es\/properties\/\"},{\"@type\":\"ListItem\",\"position\":3,\"name\":\"Emblem\u00e1tica finca r\u00fastica del Siglo XVIII con 37.673 m2 en Sant Joan\"}]},{\"@type\":\"WebSite\",\"@id\":\"https:\/\/www.hcmallorcaliving.com\/es\/#website\",\"url\":\"https:\/\/www.hcmallorcaliving.com\/es\/\",\"name\":\"hc\/ Mallorca Living Centre\",\"description\":\"Relocate to Mallorca\",\"publisher\":{\"@id\":\"https:\/\/www.hcmallorcaliving.com\/es\/#organization\"},\"potentialAction\":[{\"@type\":\"SearchAction\",\"target\":{\"@type\":\"EntryPoint\",\"urlTemplate\":\"https:\/\/www.hcmallorcaliving.com\/es\/?s={search_term_string}\"},\"query-input\":\"required name=search_term_string\"}],\"inLanguage\":\"es\"},{\"@type\":\"Organization\",\"@id\":\"https:\/\/www.hcmallorcaliving.com\/es\/#organization\",\"name\":\"hc\/ Mallorca Living Centre\",\"url\":\"https:\/\/www.hcmallorcaliving.com\/es\/\",\"logo\":{\"@type\":\"ImageObject\",\"inLanguage\":\"es\",\"@id\":\"https:\/\/www.hcmallorcaliving.com\/es\/#\/schema\/logo\/image\/\",\"url\":\"https:\/\/www.hcmallorcaliving.com\/wp-content\/uploads\/2022\/10\/helen-cummins-living-business-logo.png\",\"contentUrl\":\"https:\/\/www.hcmallorcaliving.com\/wp-content\/uploads\/2022\/10\/helen-cummins-living-business-logo.png\",\"width\":508,\"height\":180,\"caption\":\"hc\/ Mallorca Living Centre\"},\"image\":{\"@id\":\"https:\/\/www.hcmallorcaliving.com\/es\/#\/schema\/logo\/image\/\"}}]}<\/script>\n<!-- \/ Yoast SEO plugin. -->","yoast_head_json":{"title":"Emblem\u00e1tica finca r\u00fastica del Siglo XVIII con 37.673 m2 en Sant Joan - hc\/ Mallorca Living Centre","robots":{"index":"noindex","follow":"follow"},"og_locale":"es_ES","og_type":"article","og_title":"Emblem\u00e1tica finca r\u00fastica del Siglo XVIII con 37.673 m2 en Sant Joan - hc\/ Mallorca Living Centre","og_description":"Se trata de una emblem\u00e1tica finca r\u00fastica del siglo XVIII de 37.673 m2 de superficie ubicada en el t\u00e9rmino municipal de Sant Joan. En la parcela encontramos diversas edificaciones que suman 434 m2 construidos, as\u00ed como una vivienda que data del Siglo XVIII, la cual a\u00fan mantiene el car\u00e1cter se\u00f1orial que la caracteriz\u00f3. La vivienda [&hellip;]","og_url":"https:\/\/www.hcmallorcaliving.com\/es\/propiedad\/emblematica-finca-rustica-del-siglo-xviii-con-37-673-m2-en-sant-joan\/","og_site_name":"hc\/ Mallorca Living Centre","article_modified_time":"2024-03-11T16:38:29+00:00","og_image":[{"width":1024,"height":963,"url":"https:\/\/www.hcmallorcaliving.com\/wp-content\/uploads\/2024\/03\/Screenshot-2024-03-11-at-17.04.07-1024x963.png","type":"image\/png"}],"twitter_card":"summary_large_image","twitter_misc":{"Tiempo de lectura":"1 minuto"},"schema":{"@context":"https:\/\/schema.org","@graph":[{"@type":"WebPage","@id":"https:\/\/www.hcmallorcaliving.com\/es\/propiedad\/emblematica-finca-rustica-del-siglo-xviii-con-37-673-m2-en-sant-joan\/","url":"https:\/\/www.hcmallorcaliving.com\/es\/propiedad\/emblematica-finca-rustica-del-siglo-xviii-con-37-673-m2-en-sant-joan\/","name":"Emblem\u00e1tica finca r\u00fastica del Siglo XVIII con 37.673 m2 en Sant Joan - hc\/ Mallorca Living Centre","isPartOf":{"@id":"https:\/\/www.hcmallorcaliving.com\/es\/#website"},"primaryImageOfPage":{"@id":"https:\/\/www.hcmallorcaliving.com\/es\/propiedad\/emblematica-finca-rustica-del-siglo-xviii-con-37-673-m2-en-sant-joan\/#primaryimage"},"image":{"@id":"https:\/\/www.hcmallorcaliving.com\/es\/propiedad\/emblematica-finca-rustica-del-siglo-xviii-con-37-673-m2-en-sant-joan\/#primaryimage"},"thumbnailUrl":"https:\/\/www.hcmallorcaliving.com\/wp-content\/uploads\/2024\/03\/Screenshot-2024-03-11-at-17.04.07.png","datePublished":"2024-03-11T16:38:28+00:00","dateModified":"2024-03-11T16:38:29+00:00","breadcrumb":{"@id":"https:\/\/www.hcmallorcaliving.com\/es\/propiedad\/emblematica-finca-rustica-del-siglo-xviii-con-37-673-m2-en-sant-joan\/#breadcrumb"},"inLanguage":"es","potentialAction":[{"@type":"ReadAction","target":["https:\/\/www.hcmallorcaliving.com\/es\/propiedad\/emblematica-finca-rustica-del-siglo-xviii-con-37-673-m2-en-sant-joan\/"]}]},{"@type":"ImageObject","inLanguage":"es","@id":"https:\/\/www.hcmallorcaliving.com\/es\/propiedad\/emblematica-finca-rustica-del-siglo-xviii-con-37-673-m2-en-sant-joan\/#primaryimage","url":"https:\/\/www.hcmallorcaliving.com\/wp-content\/uploads\/2024\/03\/Screenshot-2024-03-11-at-17.04.07.png","contentUrl":"https:\/\/www.hcmallorcaliving.com\/wp-content\/uploads\/2024\/03\/Screenshot-2024-03-11-at-17.04.07.png","width":1457,"height":963},{"@type":"BreadcrumbList","@id":"https:\/\/www.hcmallorcaliving.com\/es\/propiedad\/emblematica-finca-rustica-del-siglo-xviii-con-37-673-m2-en-sant-joan\/#breadcrumb","itemListElement":[{"@type":"ListItem","position":1,"name":"Home","item":"https:\/\/www.hcmallorcaliving.com\/es\/"},{"@type":"ListItem","position":2,"name":"Properties","item":"https:\/\/www.hcmallorcaliving.com\/es\/properties\/"},{"@type":"ListItem","position":3,"name":"Emblem\u00e1tica finca r\u00fastica del Siglo XVIII con 37.673 m2 en Sant Joan"}]},{"@type":"WebSite","@id":"https:\/\/www.hcmallorcaliving.com\/es\/#website","url":"https:\/\/www.hcmallorcaliving.com\/es\/","name":"hc\/ Mallorca Living Centre","description":"Relocate to Mallorca","publisher":{"@id":"https:\/\/www.hcmallorcaliving.com\/es\/#organization"},"potentialAction":[{"@type":"SearchAction","target":{"@type":"EntryPoint","urlTemplate":"https:\/\/www.hcmallorcaliving.com\/es\/?s={search_term_string}"},"query-input":"required name=search_term_string"}],"inLanguage":"es"},{"@type":"Organization","@id":"https:\/\/www.hcmallorcaliving.com\/es\/#organization","name":"hc\/ Mallorca Living Centre","url":"https:\/\/www.hcmallorcaliving.com\/es\/","logo":{"@type":"ImageObject","inLanguage":"es","@id":"https:\/\/www.hcmallorcaliving.com\/es\/#\/schema\/logo\/image\/","url":"https:\/\/www.hcmallorcaliving.com\/wp-content\/uploads\/2022\/10\/helen-cummins-living-business-logo.png","contentUrl":"https:\/\/www.hcmallorcaliving.com\/wp-content\/uploads\/2022\/10\/helen-cummins-living-business-logo.png","width":508,"height":180,"caption":"hc\/ Mallorca Living Centre"},"image":{"@id":"https:\/\/www.hcmallorcaliving.com\/es\/#\/schema\/logo\/image\/"}}]}},"_links":{"self":[{"href":"https:\/\/www.hcmallorcaliving.com\/es\/wp-json\/wp\/v2\/property\/10514"}],"collection":[{"href":"https:\/\/www.hcmallorcaliving.com\/es\/wp-json\/wp\/v2\/property"}],"about":[{"href":"https:\/\/www.hcmallorcaliving.com\/es\/wp-json\/wp\/v2\/types\/property"}],"author":[{"embeddable":true,"href":"https:\/\/www.hcmallorcaliving.com\/es\/wp-json\/wp\/v2\/users\/4"}],"version-history":[{"count":3,"href":"https:\/\/www.hcmallorcaliving.com\/es\/wp-json\/wp\/v2\/property\/10514\/revisions"}],"predecessor-version":[{"id":10517,"href":"https:\/\/www.hcmallorcaliving.com\/es\/wp-json\/wp\/v2\/property\/10514\/revisions\/10517"}],"wp:featuredmedia":[{"embeddable":true,"href":"https:\/\/www.hcmallorcaliving.com\/es\/wp-json\/wp\/v2\/media\/10472"}],"wp:attachment":[{"href":"https:\/\/www.hcmallorcaliving.com\/es\/wp-json\/wp\/v2\/media?parent=10514"}],"wp:term":[{"taxonomy":"property_type","embeddable":true,"href":"https:\/\/www.hcmallorcaliving.com\/es\/wp-json\/wp\/v2\/property_type?post=10514"},{"taxonomy":"property_features","embeddable":true,"href":"https:\/\/www.hcmallorcaliving.com\/es\/wp-json\/wp\/v2\/property_features?post=10514"},{"taxonomy":"location","embeddable":true,"href":"https:\/\/www.hcmallorcaliving.com\/es\/wp-json\/wp\/v2\/location?post=10514"}],"curies":[{"name":"wp","href":"https:\/\/api.w.org\/{rel}","templated":true}]}}